{"id":10147,"date":"2023-08-03T13:29:33","date_gmt":"2023-08-03T13:29:33","guid":{"rendered":"https:\/\/www.antibrumm.ch\/?page_id=10147"},"modified":"2026-04-29T15:36:21","modified_gmt":"2026-04-29T15:36:21","slug":"mythes-poux","status":"publish","type":"page","link":"https:\/\/www.antibrumm.ch\/fr\/poux-de-tete\/mythes-poux\/","title":{"rendered":"Mythes autour des poux"},"content":{"rendered":"<div class=\"heroimage\">\n    <picture>\n        <source srcset=\"https:\/\/www.antibrumm.ch\/wp-content\/uploads\/2023\/05\/kopflaeuse_mutter_kind_gespraech_content_desktop_mobil-768x244.png\" media=\"(max-width: 768px)\">\n        <source srcset=\"https:\/\/www.antibrumm.ch\/wp-content\/uploads\/2023\/05\/kopflaeuse_mutter_kind_gespraech_content_desktop_mobil.png\" media=\"(max-width: 1024px)\">\n        <img decoding=\"async\" src=\"https:\/\/www.antibrumm.ch\/wp-content\/uploads\/2023\/05\/kopflaeuse_mutter_kind_gespraech_content_desktop_mobil.png\" alt=\"Une m\u00e8re explique les mythes autour des poux de t\u00eate \u00e0 sa fille.\">\n    <\/picture>\n<\/div>\n\n\n<style>.wp-block-kadence-advancedheading.kt-adv-heading10147_89de7b-4f, .wp-block-kadence-advancedheading.kt-adv-heading10147_89de7b-4f[data-kb-block=\"kb-adv-heading10147_89de7b-4f\"]{font-style:normal;}.wp-block-kadence-advancedheading.kt-adv-heading10147_89de7b-4f mark.kt-highlight, .wp-block-kadence-advancedheading.kt-adv-heading10147_89de7b-4f[data-kb-block=\"kb-adv-heading10147_89de7b-4f\"] mark.kt-highlight{font-style:normal;color:#f76a0c;-webkit-box-decoration-break:clone;box-decoration-break:clone;padding-top:0px;padding-right:0px;padding-bottom:0px;padding-left:0px;}.wp-block-kadence-advancedheading.kt-adv-heading10147_89de7b-4f img.kb-inline-image, .wp-block-kadence-advancedheading.kt-adv-heading10147_89de7b-4f[data-kb-block=\"kb-adv-heading10147_89de7b-4f\"] img.kb-inline-image{width:150px;vertical-align:baseline;}<\/style>\n<h1 class=\"kt-adv-heading10147_89de7b-4f wp-block-kadence-advancedheading\" data-kb-block=\"kb-adv-heading10147_89de7b-4f\">Attention&nbsp;! Les mythes autour des poux de t\u00eate \u00e0 l\u2019\u00e9preuve de la r\u00e9alit\u00e9<\/h1>\n\n\n\n<p>Il existe de nombreuses rumeurs autour des poux&nbsp;: ils sauraient sauter, pourraient transmettre des maladies et leur pr\u00e9sence serait principalement li\u00e9e \u00e0 un manque d\u2018hygi\u00e8ne. Mais qu\u2019est-ce qui est vrai&nbsp;? Et \u00e0 quoi devriez-vous vraiment faire attention&nbsp;? Il est temps de passer quelques mythes sur les poux de t\u00eate au peigne fin. Apprenez-en plus ici&nbsp;!<\/p>\n\n\n<div class=\"jumpmarker\">\n    <div class=\"jumpmarker__headline\">Sur quel mythe autour des poux de t\u00eate voulez-vous en savoir plus ?<\/div>\n    <ul class=\"jumpmaker__markers\">\n                <li>\n            <a href=\"#mythe-1\" class=\"jumpmarker__marker\">\n                Mythe n\u00b01 : Manque d\u2018hygi\u00e8ne\n            <\/a>\n        <\/li>\n                <li>\n            <a href=\"#mythe-2\" class=\"jumpmarker__marker\">\n                Mythe n\u00b02 : Les animaux domestiques\n            <\/a>\n        <\/li>\n                <li>\n            <a href=\"#mythe-3\" class=\"jumpmarker__marker\">\n                Mythe n\u00b03 : Les mesures d\u2018hygi\u00e8ne\n            <\/a>\n        <\/li>\n                <li>\n            <a href=\"#mythe-4\" class=\"jumpmarker__marker\">\n                Mythe n\u00b04 : Les poux sautent\n            <\/a>\n        <\/li>\n                <li>\n            <a href=\"#mythe-5\" class=\"jumpmarker__marker\">\n                Mythe n\u00b05 : Les maladies\n            <\/a>\n        <\/li>\n                <li>\n            <a href=\"#mythe-6\" class=\"jumpmarker__marker\">\n                Mythe n\u00b06 : Le retour \u00e0 la cr\u00e8che et l\u2018\u00e9cole\n            <\/a>\n        <\/li>\n                <li>\n            <a href=\"#faqs\" class=\"jumpmarker__marker\">\n                FAQs\n            <\/a>\n        <\/li>\n            <\/ul>\n<\/div>\n\n<style>.wp-block-kadence-advancedheading.kt-adv-heading10147_f899ec-5b, .wp-block-kadence-advancedheading.kt-adv-heading10147_f899ec-5b[data-kb-block=\"kb-adv-heading10147_f899ec-5b\"]{font-style:normal;}.wp-block-kadence-advancedheading.kt-adv-heading10147_f899ec-5b mark.kt-highlight, .wp-block-kadence-advancedheading.kt-adv-heading10147_f899ec-5b[data-kb-block=\"kb-adv-heading10147_f899ec-5b\"] mark.kt-highlight{font-style:normal;color:#f76a0c;-webkit-box-decoration-break:clone;box-decoration-break:clone;padding-top:0px;padding-right:0px;padding-bottom:0px;padding-left:0px;}.wp-block-kadence-advancedheading.kt-adv-heading10147_f899ec-5b img.kb-inline-image, .wp-block-kadence-advancedheading.kt-adv-heading10147_f899ec-5b[data-kb-block=\"kb-adv-heading10147_f899ec-5b\"] img.kb-inline-image{width:150px;vertical-align:baseline;}<\/style>\n<h2 id=\"mythe-1\" class=\"kt-adv-heading10147_f899ec-5b wp-block-kadence-advancedheading\" data-kb-block=\"kb-adv-heading10147_f899ec-5b\">Mythe n\u00b01&nbsp;: Les poux de t\u00eate sont li\u00e9s \u00e0 un manque d\u2018hygi\u00e8ne<\/h2>\n\n\n\n<p>Non, la pr\u00e9sence de poux de t\u00eate <strong>n\u2019est pas li\u00e9e \u00e0 un manque d\u2018hygi\u00e8ne<\/strong>.<sup>1<\/sup> Cela importe peu \u00e0 ces insectes de savoir si vous venez de faire un shampoing ou pas. Apparemment ils <strong>adh\u00e9reraient m\u00eame mieux \u00e0 des cheveux lav\u00e9s r\u00e9cemment<\/strong> qu\u2019\u00e0 des cheveux moins propres.<sup>2<\/sup> En cas d\u2019infestation, un simple shampoing habituel ne suffit d\u2019ailleurs pas pour vous d\u00e9barrasser des insectes. Il vous faut un produit sp\u00e9cial tel qu\u2019<strong><a href=\"https:\/\/www.antibrumm.ch\/fr\/poux-de-tete\/elimax-anti-poux\/\">ANTI-BRUMM<sup>\u00ae<\/sup> by Elimax<sup>\u00ae<\/sup><\/a><\/strong>. Cela sert \u00e0 lutter contre les poux et les lentes et \u00e9vite une nouvelle infestation.<\/p>\n\n\n<div class=\"infobox\">\n\t<div class=\"infobox-headline\">Important \u00e0 savoir :<\/div> \t<div class=\"infobox-content\">\n\t\t<div class=\"infobox-text\"><p>Il existe d\u2018autres <a href=\"\/fr\/poux-de-tete\/especes-de-poux\/\">types de poux de l\u2019homme<\/a>\u00a0qui sont attir\u00e9s par un manque d\u2019hygi\u00e8ne, notamment les poux de corps qui se sentent particuli\u00e8rement bien dans les v\u00eatements. Un manque d\u2019hygi\u00e8ne corporelle peut cr\u00e9er un environnement propice \u00e0 une infestation.<sup>2<\/sup><\/p>\n<\/div>\n\t\t\t<\/div>\n<\/div>\n\n\n<style>.wp-block-kadence-advancedheading.kt-adv-heading10147_bb2a0f-22, .wp-block-kadence-advancedheading.kt-adv-heading10147_bb2a0f-22[data-kb-block=\"kb-adv-heading10147_bb2a0f-22\"]{font-style:normal;}.wp-block-kadence-advancedheading.kt-adv-heading10147_bb2a0f-22 mark.kt-highlight, .wp-block-kadence-advancedheading.kt-adv-heading10147_bb2a0f-22[data-kb-block=\"kb-adv-heading10147_bb2a0f-22\"] mark.kt-highlight{font-style:normal;color:#f76a0c;-webkit-box-decoration-break:clone;box-decoration-break:clone;padding-top:0px;padding-right:0px;padding-bottom:0px;padding-left:0px;}.wp-block-kadence-advancedheading.kt-adv-heading10147_bb2a0f-22 img.kb-inline-image, .wp-block-kadence-advancedheading.kt-adv-heading10147_bb2a0f-22[data-kb-block=\"kb-adv-heading10147_bb2a0f-22\"] img.kb-inline-image{width:150px;vertical-align:baseline;}<\/style>\n<h2 id=\"mythe-2\" class=\"kt-adv-heading10147_bb2a0f-22 wp-block-kadence-advancedheading\" data-kb-block=\"kb-adv-heading10147_bb2a0f-22\">Mythe n\u00b02&nbsp;: les animaux domestiques transmettent des poux de t\u00eate<\/h2>\n\n\n\n<p>Ce mythe est vite r\u00e9fut\u00e9 : <strong>les animaux domestiques ne transmettent pas de poux<\/strong>.<sup>3<\/sup> Les poux de t\u00eate sont consid\u00e9r\u00e9s comme des parasites qui s\u2019en prennent uniquement aux humains. Cela veut dire qu\u2019ils se sont particuli\u00e8rement bien adapt\u00e9s \u00e0 la vie sur leur cuir chevelu et ne peuvent survivre que gr\u00e2ce au sang humain.<\/p>\n\n\n\n<p>Bien s\u00fbr les animaux domestiques aussi peuvent avoir des poux, par exemple les chats ou les chiens. Mais il s\u2019agit d\u2019autres esp\u00e8ces de poux, qui se sont aussi adapt\u00e9s aux habitudes de leur h\u00f4te et ne changent donc pas d\u2019h\u00f4te.<\/p>\n\n\n<style>.wp-block-kadence-advancedheading.kt-adv-heading10147_499395-8a, .wp-block-kadence-advancedheading.kt-adv-heading10147_499395-8a[data-kb-block=\"kb-adv-heading10147_499395-8a\"]{font-style:normal;}.wp-block-kadence-advancedheading.kt-adv-heading10147_499395-8a mark.kt-highlight, .wp-block-kadence-advancedheading.kt-adv-heading10147_499395-8a[data-kb-block=\"kb-adv-heading10147_499395-8a\"] mark.kt-highlight{font-style:normal;color:#f76a0c;-webkit-box-decoration-break:clone;box-decoration-break:clone;padding-top:0px;padding-right:0px;padding-bottom:0px;padding-left:0px;}.wp-block-kadence-advancedheading.kt-adv-heading10147_499395-8a img.kb-inline-image, .wp-block-kadence-advancedheading.kt-adv-heading10147_499395-8a[data-kb-block=\"kb-adv-heading10147_499395-8a\"] img.kb-inline-image{width:150px;vertical-align:baseline;}<\/style>\n<h2 id=\"mythe-3\" class=\"kt-adv-heading10147_499395-8a wp-block-kadence-advancedheading\" data-kb-block=\"kb-adv-heading10147_499395-8a\">Mythe n\u00b03&nbsp;: il faut d\u00e9loger les poux de t\u00eate des bonnets, draps et autres textiles<\/h2>\n\n\n\n<p>Les poux de t\u00eate ont besoin d\u2019un repas de sang toutes les trois heures et se nourrissent exclusivement de sang humain.<sup>2<\/sup> Ils ont donc peu de chance de survivre loin du cuir chevelu \u2013 sans nourriture, ils meurent en l\u2019espace de 55 heures.<sup>4<\/sup> C\u2019est pour \u00e7a que les <strong>mesures d\u2019hygi\u00e8ne autour de la maison ne sont pas tr\u00e8s importantes<\/strong>.<sup>1<\/sup> Vous pouvez quand m\u00eame prendre ces mesures en guise de protection pour interrompre les voies de transmission. L\u2019Institut Robert Koch recommande les mesures suivantes :<sup>1,5<\/sup><\/p>\n\n\n\n<ul class=\"wp-block-list\">\n<li>Nettoyez les brosses \u00e0 cheveux, pinces et \u00e9lastiques dans une solution savonneuse chaude.<\/li>\n\n\n\n<li>Changez les draps apr\u00e8s une infestation de poux de t\u00eate, ainsi que les serviettes, votre pyjama et lavez votre linge sale \u00e0 60 degr\u00e9s.<\/li>\n\n\n\n<li>Placez tout ce qui \u00e9t\u00e9 en contact avec des poux, par exemples les bonnets, \u00e9charpes, jouets en tissu ou peluches et tout autre objet similaire, dans un sac en plastique durant trois jours.<\/li>\n<\/ul>\n\n\n\n<p>Pour les cheveux sur les meubles ou les sols, le plus simple est d\u2019utiliser un aspirateur pour les aspirer.<sup>5<\/sup><\/p>\n\n\n<div class=\"ict\">\n    <a  href=\"\/fr\/poux-de-tete\/elimax-anti-poux\/\" class=\"ict__wrapper\">\n        <img decoding=\"async\" class=\"ict__image\" src=\"https:\/\/www.antibrumm.ch\/wp-content\/uploads\/2022\/04\/home-produktzusammenstellung_elimax.png\" alt=\"\">\n        <div class=\"ict__container\">\n            <div class=\"ict__headline\">Lutter efficacement contre les poux de t\u00eate<\/div>\n            <div class=\"ict__text\"><p>Avec ANTI-BRUMM<sup>\u00ae<\/sup> by Elimax<sup>\u00ae<\/sup> vous n\u2019avez pas \u00e0 vous inqui\u00e9ter en cas d\u2019infestation de poux. Le produit lutte contre les poux et les lentes et vous prot\u00e8ge conte une nouvelle infestation.<\/p>\n<\/div>\n            <div class=\"ict__cta-wrapper\">\n                <span class=\"ict__cta\">ANTI-BRUMM\u00ae by Elimax\u00ae<\/span>\n            <\/div>\n        <\/div>\n    <\/a>\n<\/div>\n\n\n<style>.wp-block-kadence-advancedheading.kt-adv-heading10147_3086f9-eb, .wp-block-kadence-advancedheading.kt-adv-heading10147_3086f9-eb[data-kb-block=\"kb-adv-heading10147_3086f9-eb\"]{font-style:normal;}.wp-block-kadence-advancedheading.kt-adv-heading10147_3086f9-eb mark.kt-highlight, .wp-block-kadence-advancedheading.kt-adv-heading10147_3086f9-eb[data-kb-block=\"kb-adv-heading10147_3086f9-eb\"] mark.kt-highlight{font-style:normal;color:#f76a0c;-webkit-box-decoration-break:clone;box-decoration-break:clone;padding-top:0px;padding-right:0px;padding-bottom:0px;padding-left:0px;}.wp-block-kadence-advancedheading.kt-adv-heading10147_3086f9-eb img.kb-inline-image, .wp-block-kadence-advancedheading.kt-adv-heading10147_3086f9-eb[data-kb-block=\"kb-adv-heading10147_3086f9-eb\"] img.kb-inline-image{width:150px;vertical-align:baseline;}<\/style>\n<h2 id=\"mythe-4\" class=\"kt-adv-heading10147_3086f9-eb wp-block-kadence-advancedheading\" data-kb-block=\"kb-adv-heading10147_3086f9-eb\">Mythe n\u00b04&nbsp;: les poux peuvent sauter d\u2019une t\u00eate \u00e0 l\u2018autre<\/h2>\n\n\n<style>.kb-row-layout-id10147_d330bb-d3 > .kt-row-column-wrap{align-content:start;}:where(.kb-row-layout-id10147_d330bb-d3 > .kt-row-column-wrap) > .wp-block-kadence-column{justify-content:start;}.kb-row-layout-id10147_d330bb-d3 > .kt-row-column-wrap{column-gap:var(--global-kb-gap-md, 2rem);row-gap:var(--global-kb-gap-md, 2rem);padding-top:var(--global-kb-spacing-sm, 1.5rem);padding-bottom:var(--global-kb-spacing-sm, 1.5rem);grid-template-columns:minmax(0, 2fr) minmax(0, 1fr);}.kb-row-layout-id10147_d330bb-d3 > .kt-row-layout-overlay{opacity:0.30;}@media all and (max-width: 1024px){.kb-row-layout-id10147_d330bb-d3 > .kt-row-column-wrap{grid-template-columns:minmax(0, 2fr) minmax(0, 1fr);}}@media all and (max-width: 767px){.kb-row-layout-id10147_d330bb-d3 > .kt-row-column-wrap{grid-template-columns:minmax(0, 1fr);}}<\/style><div class=\"kb-row-layout-wrap kb-row-layout-id10147_d330bb-d3 alignnone wp-block-kadence-rowlayout\"><div class=\"kt-row-column-wrap kt-has-2-columns kt-row-layout-left-golden kt-tab-layout-inherit kt-mobile-layout-row kt-row-valign-top\">\n<style>.kadence-column10147_9134f3-af > .kt-inside-inner-col,.kadence-column10147_9134f3-af > .kt-inside-inner-col:before{border-top-left-radius:0px;border-top-right-radius:0px;border-bottom-right-radius:0px;border-bottom-left-radius:0px;}.kadence-column10147_9134f3-af > .kt-inside-inner-col{column-gap:var(--global-kb-gap-sm, 1rem);}.kadence-column10147_9134f3-af > .kt-inside-inner-col{flex-direction:column;}.kadence-column10147_9134f3-af > .kt-inside-inner-col > .aligncenter{width:100%;}.kadence-column10147_9134f3-af > .kt-inside-inner-col:before{opacity:0.3;}.kadence-column10147_9134f3-af{position:relative;}@media all and (max-width: 1024px){.kadence-column10147_9134f3-af > .kt-inside-inner-col{flex-direction:column;justify-content:center;}}@media all and (max-width: 767px){.kadence-column10147_9134f3-af > .kt-inside-inner-col{flex-direction:column;justify-content:center;}}<\/style>\n<div class=\"wp-block-kadence-column kadence-column10147_9134f3-af\"><div class=\"kt-inside-inner-col\">\n<p>La rumeur selon quelle les poux sauteraient d\u2019un h\u00f4te \u00e0 un autre est tr\u00e8s r\u00e9pandue. Ceci est faux. Les poux de t\u00eate <strong>ne se d\u00e9placent qu\u2019en rampant<\/strong> gr\u00e2ce \u00e0 leurs pattes qui sont faites pour s\u2019accrocher \u00e0 quelque chose. Ils ne peuvent pas parcourir de grandes distances loin de leur h\u00f4te.<sup>1,2<\/sup> S\u2019ils ont besoin d\u2019un nouvel h\u00f4te, une femelle fertilis\u00e9e s\u2019accroche \u00e0 la pointe des cheveux et attend la prochaine opportunit\u00e9 de passer \u00e0 une autre t\u00eate. La propagation se fait g\u00e9n\u00e9ralement par un contact direct entre deux t\u00eates, ou plut\u00f4t les cheveux de deux personnes.<\/p>\n<\/div><\/div>\n\n\n<style>.kadence-column10147_48bb84-b6 > .kt-inside-inner-col,.kadence-column10147_48bb84-b6 > .kt-inside-inner-col:before{border-top-left-radius:0px;border-top-right-radius:0px;border-bottom-right-radius:0px;border-bottom-left-radius:0px;}.kadence-column10147_48bb84-b6 > .kt-inside-inner-col{column-gap:var(--global-kb-gap-sm, 1rem);}.kadence-column10147_48bb84-b6 > .kt-inside-inner-col{flex-direction:column;}.kadence-column10147_48bb84-b6 > .kt-inside-inner-col > .aligncenter{width:100%;}.kadence-column10147_48bb84-b6 > .kt-inside-inner-col:before{opacity:0.3;}.kadence-column10147_48bb84-b6{position:relative;}@media all and (max-width: 1024px){.kadence-column10147_48bb84-b6 > .kt-inside-inner-col{flex-direction:column;justify-content:center;}}@media all and (max-width: 767px){.kadence-column10147_48bb84-b6 > .kt-inside-inner-col{flex-direction:column;justify-content:center;}}<\/style>\n<div class=\"wp-block-kadence-column kadence-column10147_48bb84-b6\"><div class=\"kt-inside-inner-col\">\n<figure class=\"wp-block-image size-large\"><img loading=\"lazy\" decoding=\"async\" width=\"1024\" height=\"1024\" src=\"https:\/\/www.antibrumm.ch\/wp-content\/uploads\/2023\/05\/AdobeStock_304061911-1-1024x1024.jpeg\" alt=\"Image d\u2019un pou de t\u00eate : il y a un mythe selon lequel les poux pourraient sauter.\" class=\"wp-image-9945\" srcset=\"https:\/\/www.antibrumm.ch\/wp-content\/uploads\/2023\/05\/AdobeStock_304061911-1-1024x1024.jpeg 1024w, https:\/\/www.antibrumm.ch\/wp-content\/uploads\/2023\/05\/AdobeStock_304061911-1-300x300.jpeg 300w, https:\/\/www.antibrumm.ch\/wp-content\/uploads\/2023\/05\/AdobeStock_304061911-1-150x150.jpeg 150w, https:\/\/www.antibrumm.ch\/wp-content\/uploads\/2023\/05\/AdobeStock_304061911-1-768x768.jpeg 768w, https:\/\/www.antibrumm.ch\/wp-content\/uploads\/2023\/05\/AdobeStock_304061911-1-1536x1536.jpeg 1536w, https:\/\/www.antibrumm.ch\/wp-content\/uploads\/2023\/05\/AdobeStock_304061911-1.jpeg 1920w\" sizes=\"auto, (max-width: 1024px) 100vw, 1024px\" \/><\/figure>\n<\/div><\/div>\n\n<\/div><\/div>\n\n\n<p><strong>Il arrive que les poux soient transmis indirectement, notamment par des objets&nbsp;: <\/strong>Cela n\u2019est le cas que lorsque plusieurs personnes utilisent un m\u00eame objet qui a \u00e9t\u00e9 en contact avec des poux peu avant.<sup>1<\/sup> On compte parmi ces objets les peignes, brosses \u00e0 cheveux, \u00e9charpes, bonnets, casques de v\u00e9lo ou oreillers.<\/p>\n\n\n<style>.wp-block-kadence-advancedheading.kt-adv-heading10147_b3a868-5f, .wp-block-kadence-advancedheading.kt-adv-heading10147_b3a868-5f[data-kb-block=\"kb-adv-heading10147_b3a868-5f\"]{font-style:normal;}.wp-block-kadence-advancedheading.kt-adv-heading10147_b3a868-5f mark.kt-highlight, .wp-block-kadence-advancedheading.kt-adv-heading10147_b3a868-5f[data-kb-block=\"kb-adv-heading10147_b3a868-5f\"] mark.kt-highlight{font-style:normal;color:#f76a0c;-webkit-box-decoration-break:clone;box-decoration-break:clone;padding-top:0px;padding-right:0px;padding-bottom:0px;padding-left:0px;}.wp-block-kadence-advancedheading.kt-adv-heading10147_b3a868-5f img.kb-inline-image, .wp-block-kadence-advancedheading.kt-adv-heading10147_b3a868-5f[data-kb-block=\"kb-adv-heading10147_b3a868-5f\"] img.kb-inline-image{width:150px;vertical-align:baseline;}<\/style>\n<h2 id=\"mythe-5\" class=\"kt-adv-heading10147_b3a868-5f wp-block-kadence-advancedheading\" data-kb-block=\"kb-adv-heading10147_b3a868-5f\">Mythe n\u00b05&nbsp;: Les poux peuvent transmettre des maladies<\/h2>\n\n\n\n<p>Cette rumeur est fausse. Les poux de t\u00eate (et les poux du pubis) ne transmettent <strong>pas de maladies<\/strong> ou tout du moins pas d\u2019agents pathog\u00e8nes dangereux.<sup>2<\/sup> Mais il est possible que des blessures li\u00e9es aux d\u00e9mangeaisons s\u2019infectent.<\/p>\n\n\n\n<p>Les choses sont diff\u00e9rentes pour les <strong>poux du corps<\/strong> : ils sont porteurs d\u2019un agent pathog\u00e8ne bact\u00e9rien qui peut provoquer ce qu\u2019on appelle la fi\u00e8vre r\u00e9currente.<sup>6<\/sup> En cas de maladie, les personnes ont des \u00e9pisodes de forte fi\u00e8vre accompagn\u00e9s de sympt\u00f4mes divers tels que des maux de t\u00eate, de ventre ou des frissonnements.<sup>6<\/sup><\/p>\n\n\n<style>.wp-block-kadence-advancedheading.kt-adv-heading10147_98c64b-69, .wp-block-kadence-advancedheading.kt-adv-heading10147_98c64b-69[data-kb-block=\"kb-adv-heading10147_98c64b-69\"]{font-style:normal;}.wp-block-kadence-advancedheading.kt-adv-heading10147_98c64b-69 mark.kt-highlight, .wp-block-kadence-advancedheading.kt-adv-heading10147_98c64b-69[data-kb-block=\"kb-adv-heading10147_98c64b-69\"] mark.kt-highlight{font-style:normal;color:#f76a0c;-webkit-box-decoration-break:clone;box-decoration-break:clone;padding-top:0px;padding-right:0px;padding-bottom:0px;padding-left:0px;}.wp-block-kadence-advancedheading.kt-adv-heading10147_98c64b-69 img.kb-inline-image, .wp-block-kadence-advancedheading.kt-adv-heading10147_98c64b-69[data-kb-block=\"kb-adv-heading10147_98c64b-69\"] img.kb-inline-image{width:150px;vertical-align:baseline;}<\/style>\n<h2 id=\"mythe-6\" class=\"kt-adv-heading10147_98c64b-69 wp-block-kadence-advancedheading\" data-kb-block=\"kb-adv-heading10147_98c64b-69\">Mythe n\u00b06&nbsp;: Il faut une attestation m\u00e9dicale pour que les enfants puissent retourner \u00e0 la cr\u00e8che ou \u00e0 l\u2018\u00e9cole<\/h2>\n\n\n\n<p>Ce mythe sur les poux n\u2019est pas fond\u00e9. Les enfants qui ont des poux n\u2019ont <strong>pas besoin d\u2019attestation m\u00e9dicale<\/strong> pour continuer \u00e0 aller \u00e0 la cr\u00e8che ou l\u2019\u00e9cole en Suisse.<sup>7<\/sup> M\u00eame si certains parents trouvent cela d\u00e9sagr\u00e9able, il est important d\u2019informer <strong>imm\u00e9diatement <\/strong>toutes les personnes et structures d\u2019accueil que cela pourrait concerner en cas d\u2019infestation de poux :<\/p>\n\n\n\n<ul class=\"wp-block-list\">\n<li>La cr\u00e8che \/ le jardin d\u2019enfants<\/li>\n\n\n\n<li>L\u2019\u00e9cole<\/li>\n\n\n\n<li>Les parents des enfants avec lesquels votre enfant est r\u00e9guli\u00e8rement en contact<\/li>\n<\/ul>\n\n\n\n<p>Si vous d\u00e9couvrez des poux, agissez aussi rapidement que possible. C\u2019est le seul moyen d\u2019\u00e9viter une propagation. <a href=\"https:\/\/www.antibrumm.ch\/fr\/poux-de-tete\/elimax-anti-poux\/\">ANTI-BRUMM<sup>\u00ae<\/sup> by Elimax<sup>\u00ae<\/sup><\/a> permet un traitement efficace et simple d\u2019utilisation.<\/p>\n\n\n\n<p>Si un autre enfant a des poux, l\u2019\u00e9cole vous le signalera. Examinez alors le cuir chevelu de votre enfant. Si la pr\u00e9sence de poux est confirm\u00e9e, il faut commencer un traitement imm\u00e9diatement.<\/p>\n\n\n<div class=\"infobox\">\n\t<div class=\"infobox-headline\">Conseil :<\/div> \t<div class=\"infobox-content\">\n\t\t<div class=\"infobox-text\"><p>Souvent les poux de t\u00eate font leur apparition pendant ou apr\u00e8s les vacances scolaires.<sup>7<\/sup> Les enfants voient leurs amis pendant leur temps libre et leurs t\u00eates sont souvent en contact direct lorsqu\u2019ils jouent ensemble. Une vigilance accrue est donc recommand\u00e9e pendant la derni\u00e8re semaine des vacances, les parents devraient inspecter le cuir chevelu des enfants. Si vous trouvez des poux, il faut examiner le cuir chevelu de tous les membres de la famille et faire un traitement en cas de besoin. Cela permettra d\u2019\u00e9viter la propagation des poux.<\/p>\n<\/div>\n\t\t\t<\/div>\n<\/div>\n\n\n<style>.wp-block-kadence-advancedheading.kt-adv-heading10147_a6dbf6-5c, .wp-block-kadence-advancedheading.kt-adv-heading10147_a6dbf6-5c[data-kb-block=\"kb-adv-heading10147_a6dbf6-5c\"]{font-style:normal;}.wp-block-kadence-advancedheading.kt-adv-heading10147_a6dbf6-5c mark.kt-highlight, .wp-block-kadence-advancedheading.kt-adv-heading10147_a6dbf6-5c[data-kb-block=\"kb-adv-heading10147_a6dbf6-5c\"] mark.kt-highlight{font-style:normal;color:#f76a0c;-webkit-box-decoration-break:clone;box-decoration-break:clone;padding-top:0px;padding-right:0px;padding-bottom:0px;padding-left:0px;}.wp-block-kadence-advancedheading.kt-adv-heading10147_a6dbf6-5c img.kb-inline-image, .wp-block-kadence-advancedheading.kt-adv-heading10147_a6dbf6-5c[data-kb-block=\"kb-adv-heading10147_a6dbf6-5c\"] img.kb-inline-image{width:150px;vertical-align:baseline;}<\/style>\n<h2 id=\"faqs\" class=\"kt-adv-heading10147_a6dbf6-5c wp-block-kadence-advancedheading\" data-kb-block=\"kb-adv-heading10147_a6dbf6-5c\">Questions fr\u00e9quemment pos\u00e9es sur les mythes autour des poux<\/h2>\n\n\n<style>.kt-accordion-id10147_dd4db2-0b .kt-accordion-inner-wrap{column-gap:var(--global-kb-gap-md, 2rem);row-gap:8px;}.kt-accordion-id10147_dd4db2-0b .kt-accordion-panel-inner{padding-top:var(--global-kb-spacing-sm, 1.5rem);padding-right:var(--global-kb-spacing-sm, 1.5rem);padding-bottom:var(--global-kb-spacing-sm, 1.5rem);padding-left:var(--global-kb-spacing-sm, 1.5rem);}.kt-accordion-id10147_dd4db2-0b > .kt-accordion-inner-wrap > .wp-block-kadence-pane > .kt-accordion-header-wrap > .kt-blocks-accordion-header{padding-top:var(--global-kb-spacing-xxs, 0.5rem);padding-right:var(--global-kb-spacing-xs, 1rem);padding-bottom:var(--global-kb-spacing-xxs, 0.5rem);padding-left:var(--global-kb-spacing-xs, 1rem);}@media all and (max-width: 767px){.kt-accordion-id10147_dd4db2-0b .kt-accordion-inner-wrap{display:block;}.kt-accordion-id10147_dd4db2-0b .kt-accordion-inner-wrap .kt-accordion-pane:not(:first-child){margin-top:8px;}}<\/style>\n<div class=\"wp-block-kadence-accordion alignnone\"><div class=\"kt-accordion-wrap kt-accordion-id10147_dd4db2-0b kt-accordion-has-3-panes kt-active-pane-0 kt-accordion-block kt-pane-header-alignment-left kt-accodion-icon-style-basic kt-accodion-icon-side-right\" style=\"max-width:none\"><div class=\"kt-accordion-inner-wrap\" data-allow-multiple-open=\"false\" data-start-open=\"0\">\n<div class=\"wp-block-kadence-pane kt-accordion-pane kt-accordion-pane-1 kt-pane10147_94c4a1-c2\"><div class=\"kt-accordion-header-wrap\"><button class=\"kt-blocks-accordion-header kt-acccordion-button-label-show\" type=\"button\"><span class=\"kt-blocks-accordion-title-wrap\"><span class=\"kt-blocks-accordion-title\"><strong>Pendant combien de temps les poux survivent-ils sur des textiles et des oreillers\u00a0?<\/strong><\/span><\/span><span class=\"kt-blocks-accordion-icon-trigger\"><\/span><\/button><\/div><div class=\"kt-accordion-panel kt-accordion-panel-hidden\"><div class=\"kt-accordion-panel-inner\">\n<p>Le pou de t\u00eate a besoin de repas de sang r\u00e9guliers pour survivre. C\u2019est pour cela qu\u2019il ne quitte g\u00e9n\u00e9ralement pas les cheveux humains de son plein gr\u00e9. Sur des v\u00eatements ou autres textiles, il ne pourra pas se nourrir et mourra en l\u2019espace de 55 heures.<sup>4<\/sup><\/p>\n<\/div><\/div><\/div>\n\n\n\n<div class=\"wp-block-kadence-pane kt-accordion-pane kt-accordion-pane-2 kt-pane10147_f88526-ef\"><div class=\"kt-accordion-header-wrap\"><button class=\"kt-blocks-accordion-header kt-acccordion-button-label-show\" type=\"button\"><span class=\"kt-blocks-accordion-title-wrap\"><span class=\"kt-blocks-accordion-title\"><strong>Que faut-il laver en cas d\u2019infestation de poux\u00a0?<\/strong><\/span><\/span><span class=\"kt-blocks-accordion-icon-trigger\"><\/span><\/button><\/div><div class=\"kt-accordion-panel kt-accordion-panel-hidden\"><div class=\"kt-accordion-panel-inner\">\n<p>Les mesures d\u2019hygi\u00e8ne dans la maison jouent un r\u00f4le secondaire apr\u00e8s une infestation de poux.<sup>1<\/sup> Afin d\u2019\u00eatre s\u00fbr de ne pas propager les poux de t\u00eate, lavez votre linge, vos serviettes, draps et pyjamas \u00e0 60 degr\u00e9s.<sup>5<\/sup><\/p>\n<\/div><\/div><\/div>\n\n\n\n<div class=\"wp-block-kadence-pane kt-accordion-pane kt-accordion-pane-3 kt-pane10147_d34c4b-75\"><div class=\"kt-accordion-header-wrap\"><button class=\"kt-blocks-accordion-header kt-acccordion-button-label-show\" type=\"button\"><span class=\"kt-blocks-accordion-title-wrap\"><span class=\"kt-blocks-accordion-title\"><strong>Est-ce que je peux attraper des poux \u00e0 cause d\u2018un manque d\u2018hygi\u00e8ne\u00a0?<\/strong><\/span><\/span><span class=\"kt-blocks-accordion-icon-trigger\"><\/span><\/button><\/div><div class=\"kt-accordion-panel kt-accordion-panel-hidden\"><div class=\"kt-accordion-panel-inner\">\n<p>Non, on n\u2019attrape pas des poux de t\u00eate par manque d\u2018hygi\u00e8ne.<sup>1<\/sup> Que les cheveux soient lav\u00e9s ou pas n\u2019a pas d\u2019importance non plus. Il semblerait m\u00eame que les poux s\u2019agripperaient plus facilement \u00e0 des cheveux lav\u00e9s r\u00e9cemment.<\/p>\n<\/div><\/div><\/div>\n<\/div><\/div><\/div>\n","protected":false},"excerpt":{"rendered":"<p>Attention&nbsp;! Les mythes autour des poux de t\u00eate \u00e0 l\u2019\u00e9preuve de la r\u00e9alit\u00e9 Il existe de nombreuses rumeurs autour des poux&nbsp;: ils sauraient sauter, pourraient transmettre des maladies et leur pr\u00e9sence serait principalement li\u00e9e \u00e0 un manque d\u2018hygi\u00e8ne. Mais qu\u2019est-ce qui est vrai&nbsp;? Et \u00e0 quoi devriez-vous vraiment faire attention&nbsp;? Il est temps de passer&#8230;<\/p>\n","protected":false},"author":9,"featured_media":9918,"parent":5373,"menu_order":0,"comment_status":"closed","ping_status":"closed","template":"","meta":{"_acf_changed":false,"inline_featured_image":false,"_kad_blocks_custom_css":"","_kad_blocks_head_custom_js":"","_kad_blocks_body_custom_js":"","_kad_blocks_footer_custom_js":"","_kad_post_transparent":"","_kad_post_title":"","_kad_post_layout":"","_kad_post_sidebar_id":"","_kad_post_content_style":"","_kad_post_vertical_padding":"","_kad_post_feature":"","_kad_post_feature_position":"","_kad_post_header":false,"_kad_post_footer":false,"_kad_post_classname":"","footnotes":""},"class_list":["post-10147","page","type-page","status-publish","has-post-thumbnail","hentry"],"acf":[],"yoast_head":"<!-- This site is optimized with the Yoast SEO plugin v27.4 - https:\/\/yoast.com\/product\/yoast-seo-wordpress\/ -->\n<title>Sur les traces des mythes autour des poux de t\u00eate | ANTI-BRUMM\u00ae<\/title>\n<meta name=\"description\" content=\"Les poux sautent et transmettent des maladies ? De nombreuses autres rumeurs circulent \u00e0 leur sujet. Cliquez ici pour les mythes autour des poux de t\u00eate !\" \/>\n<meta name=\"robots\" content=\"index, follow, max-snippet:-1, max-image-preview:large, max-video-preview:-1\" \/>\n<link rel=\"canonical\" href=\"https:\/\/www.antibrumm.ch\/fr\/poux-de-tete\/mythes-poux\/\" \/>\n<meta property=\"og:locale\" content=\"fr_FR\" \/>\n<meta property=\"og:type\" content=\"article\" \/>\n<meta property=\"og:title\" content=\"Sur les traces des mythes autour des poux de t\u00eate | ANTI-BRUMM\u00ae\" \/>\n<meta property=\"og:description\" content=\"Les poux sautent et transmettent des maladies ? De nombreuses autres rumeurs circulent \u00e0 leur sujet. Cliquez ici pour les mythes autour des poux de t\u00eate !\" \/>\n<meta property=\"og:url\" content=\"https:\/\/www.antibrumm.ch\/fr\/poux-de-tete\/mythes-poux\/\" \/>\n<meta property=\"og:site_name\" content=\"antibrumm.ch\" \/>\n<meta property=\"article:modified_time\" content=\"2026-04-29T15:36:21+00:00\" \/>\n<meta property=\"og:image\" content=\"https:\/\/www.antibrumm.ch\/wp-content\/uploads\/2023\/05\/kopflaeuse_mutter_kind_gespraech_content_desktop_mobil.png\" \/>\n\t<meta property=\"og:image:width\" content=\"880\" \/>\n\t<meta property=\"og:image:height\" content=\"280\" \/>\n\t<meta property=\"og:image:type\" content=\"image\/png\" \/>\n<meta name=\"twitter:card\" content=\"summary_large_image\" \/>\n<meta name=\"twitter:label1\" content=\"Dur\u00e9e de lecture estim\u00e9e\" \/>\n\t<meta name=\"twitter:data1\" content=\"7 minutes\" \/>\n<script type=\"application\/ld+json\" class=\"yoast-schema-graph\">{\"@context\":\"https:\\\/\\\/schema.org\",\"@graph\":[{\"@type\":\"WebPage\",\"@id\":\"https:\\\/\\\/www.antibrumm.ch\\\/fr\\\/poux-de-tete\\\/mythes-poux\\\/\",\"url\":\"https:\\\/\\\/www.antibrumm.ch\\\/fr\\\/poux-de-tete\\\/mythes-poux\\\/\",\"name\":\"Sur les traces des mythes autour des poux de t\u00eate | ANTI-BRUMM\u00ae\",\"isPartOf\":{\"@id\":\"https:\\\/\\\/www.antibrumm.ch\\\/#website\"},\"primaryImageOfPage\":{\"@id\":\"https:\\\/\\\/www.antibrumm.ch\\\/fr\\\/poux-de-tete\\\/mythes-poux\\\/#primaryimage\"},\"image\":{\"@id\":\"https:\\\/\\\/www.antibrumm.ch\\\/fr\\\/poux-de-tete\\\/mythes-poux\\\/#primaryimage\"},\"thumbnailUrl\":\"https:\\\/\\\/www.antibrumm.ch\\\/wp-content\\\/uploads\\\/2023\\\/05\\\/kopflaeuse_mutter_kind_gespraech_content_desktop_mobil.png\",\"datePublished\":\"2023-08-03T13:29:33+00:00\",\"dateModified\":\"2026-04-29T15:36:21+00:00\",\"description\":\"Les poux sautent et transmettent des maladies ? De nombreuses autres rumeurs circulent \u00e0 leur sujet. Cliquez ici pour les mythes autour des poux de t\u00eate !\",\"breadcrumb\":{\"@id\":\"https:\\\/\\\/www.antibrumm.ch\\\/fr\\\/poux-de-tete\\\/mythes-poux\\\/#breadcrumb\"},\"inLanguage\":\"fr-FR\",\"potentialAction\":[{\"@type\":\"ReadAction\",\"target\":[\"https:\\\/\\\/www.antibrumm.ch\\\/fr\\\/poux-de-tete\\\/mythes-poux\\\/\"]}]},{\"@type\":\"ImageObject\",\"inLanguage\":\"fr-FR\",\"@id\":\"https:\\\/\\\/www.antibrumm.ch\\\/fr\\\/poux-de-tete\\\/mythes-poux\\\/#primaryimage\",\"url\":\"https:\\\/\\\/www.antibrumm.ch\\\/wp-content\\\/uploads\\\/2023\\\/05\\\/kopflaeuse_mutter_kind_gespraech_content_desktop_mobil.png\",\"contentUrl\":\"https:\\\/\\\/www.antibrumm.ch\\\/wp-content\\\/uploads\\\/2023\\\/05\\\/kopflaeuse_mutter_kind_gespraech_content_desktop_mobil.png\",\"width\":880,\"height\":280,\"caption\":\"Une m\u00e8re explique les mythes autour des poux de t\u00eate \u00e0 sa fille.\"},{\"@type\":\"BreadcrumbList\",\"@id\":\"https:\\\/\\\/www.antibrumm.ch\\\/fr\\\/poux-de-tete\\\/mythes-poux\\\/#breadcrumb\",\"itemListElement\":[{\"@type\":\"ListItem\",\"position\":1,\"name\":\"Startseite\",\"item\":\"https:\\\/\\\/www.antibrumm.ch\\\/fr\\\/\"},{\"@type\":\"ListItem\",\"position\":2,\"name\":\"Poux de t\u00eate\",\"item\":\"https:\\\/\\\/www.antibrumm.ch\\\/fr\\\/poux-de-tete\\\/\"},{\"@type\":\"ListItem\",\"position\":3,\"name\":\"Mythes autour des poux\"}]},{\"@type\":\"WebSite\",\"@id\":\"https:\\\/\\\/www.antibrumm.ch\\\/#website\",\"url\":\"https:\\\/\\\/www.antibrumm.ch\\\/\",\"name\":\"antibrumm.ch\",\"description\":\"Just another WordPress site\",\"publisher\":{\"@id\":\"https:\\\/\\\/www.antibrumm.ch\\\/#organization\"},\"potentialAction\":[{\"@type\":\"SearchAction\",\"target\":{\"@type\":\"EntryPoint\",\"urlTemplate\":\"https:\\\/\\\/www.antibrumm.ch\\\/?s={search_term_string}\"},\"query-input\":{\"@type\":\"PropertyValueSpecification\",\"valueRequired\":true,\"valueName\":\"search_term_string\"}}],\"inLanguage\":\"fr-FR\"},{\"@type\":\"Organization\",\"@id\":\"https:\\\/\\\/www.antibrumm.ch\\\/#organization\",\"name\":\"antibrumm.ch\",\"url\":\"https:\\\/\\\/www.antibrumm.ch\\\/\",\"logo\":{\"@type\":\"ImageObject\",\"inLanguage\":\"fr-FR\",\"@id\":\"https:\\\/\\\/www.antibrumm.ch\\\/#\\\/schema\\\/logo\\\/image\\\/\",\"url\":\"https:\\\/\\\/www.antibrumm.ch\\\/wp-content\\\/uploads\\\/2026\\\/03\\\/20260101_Anti-Brumm-LOGO-CMYK.png\",\"contentUrl\":\"https:\\\/\\\/www.antibrumm.ch\\\/wp-content\\\/uploads\\\/2026\\\/03\\\/20260101_Anti-Brumm-LOGO-CMYK.png\",\"width\":828,\"height\":545,\"caption\":\"antibrumm.ch\"},\"image\":{\"@id\":\"https:\\\/\\\/www.antibrumm.ch\\\/#\\\/schema\\\/logo\\\/image\\\/\"}}]}<\/script>\n<!-- \/ Yoast SEO plugin. -->","yoast_head_json":{"title":"Sur les traces des mythes autour des poux de t\u00eate | ANTI-BRUMM\u00ae","description":"Les poux sautent et transmettent des maladies ? De nombreuses autres rumeurs circulent \u00e0 leur sujet. Cliquez ici pour les mythes autour des poux de t\u00eate !","robots":{"index":"index","follow":"follow","max-snippet":"max-snippet:-1","max-image-preview":"max-image-preview:large","max-video-preview":"max-video-preview:-1"},"canonical":"https:\/\/www.antibrumm.ch\/fr\/poux-de-tete\/mythes-poux\/","og_locale":"fr_FR","og_type":"article","og_title":"Sur les traces des mythes autour des poux de t\u00eate | ANTI-BRUMM\u00ae","og_description":"Les poux sautent et transmettent des maladies ? De nombreuses autres rumeurs circulent \u00e0 leur sujet. Cliquez ici pour les mythes autour des poux de t\u00eate !","og_url":"https:\/\/www.antibrumm.ch\/fr\/poux-de-tete\/mythes-poux\/","og_site_name":"antibrumm.ch","article_modified_time":"2026-04-29T15:36:21+00:00","og_image":[{"width":880,"height":280,"url":"https:\/\/www.antibrumm.ch\/wp-content\/uploads\/2023\/05\/kopflaeuse_mutter_kind_gespraech_content_desktop_mobil.png","type":"image\/png"}],"twitter_card":"summary_large_image","twitter_misc":{"Dur\u00e9e de lecture estim\u00e9e":"7 minutes"},"schema":{"@context":"https:\/\/schema.org","@graph":[{"@type":"WebPage","@id":"https:\/\/www.antibrumm.ch\/fr\/poux-de-tete\/mythes-poux\/","url":"https:\/\/www.antibrumm.ch\/fr\/poux-de-tete\/mythes-poux\/","name":"Sur les traces des mythes autour des poux de t\u00eate | ANTI-BRUMM\u00ae","isPartOf":{"@id":"https:\/\/www.antibrumm.ch\/#website"},"primaryImageOfPage":{"@id":"https:\/\/www.antibrumm.ch\/fr\/poux-de-tete\/mythes-poux\/#primaryimage"},"image":{"@id":"https:\/\/www.antibrumm.ch\/fr\/poux-de-tete\/mythes-poux\/#primaryimage"},"thumbnailUrl":"https:\/\/www.antibrumm.ch\/wp-content\/uploads\/2023\/05\/kopflaeuse_mutter_kind_gespraech_content_desktop_mobil.png","datePublished":"2023-08-03T13:29:33+00:00","dateModified":"2026-04-29T15:36:21+00:00","description":"Les poux sautent et transmettent des maladies ? De nombreuses autres rumeurs circulent \u00e0 leur sujet. Cliquez ici pour les mythes autour des poux de t\u00eate !","breadcrumb":{"@id":"https:\/\/www.antibrumm.ch\/fr\/poux-de-tete\/mythes-poux\/#breadcrumb"},"inLanguage":"fr-FR","potentialAction":[{"@type":"ReadAction","target":["https:\/\/www.antibrumm.ch\/fr\/poux-de-tete\/mythes-poux\/"]}]},{"@type":"ImageObject","inLanguage":"fr-FR","@id":"https:\/\/www.antibrumm.ch\/fr\/poux-de-tete\/mythes-poux\/#primaryimage","url":"https:\/\/www.antibrumm.ch\/wp-content\/uploads\/2023\/05\/kopflaeuse_mutter_kind_gespraech_content_desktop_mobil.png","contentUrl":"https:\/\/www.antibrumm.ch\/wp-content\/uploads\/2023\/05\/kopflaeuse_mutter_kind_gespraech_content_desktop_mobil.png","width":880,"height":280,"caption":"Une m\u00e8re explique les mythes autour des poux de t\u00eate \u00e0 sa fille."},{"@type":"BreadcrumbList","@id":"https:\/\/www.antibrumm.ch\/fr\/poux-de-tete\/mythes-poux\/#breadcrumb","itemListElement":[{"@type":"ListItem","position":1,"name":"Startseite","item":"https:\/\/www.antibrumm.ch\/fr\/"},{"@type":"ListItem","position":2,"name":"Poux de t\u00eate","item":"https:\/\/www.antibrumm.ch\/fr\/poux-de-tete\/"},{"@type":"ListItem","position":3,"name":"Mythes autour des poux"}]},{"@type":"WebSite","@id":"https:\/\/www.antibrumm.ch\/#website","url":"https:\/\/www.antibrumm.ch\/","name":"antibrumm.ch","description":"Just another WordPress site","publisher":{"@id":"https:\/\/www.antibrumm.ch\/#organization"},"potentialAction":[{"@type":"SearchAction","target":{"@type":"EntryPoint","urlTemplate":"https:\/\/www.antibrumm.ch\/?s={search_term_string}"},"query-input":{"@type":"PropertyValueSpecification","valueRequired":true,"valueName":"search_term_string"}}],"inLanguage":"fr-FR"},{"@type":"Organization","@id":"https:\/\/www.antibrumm.ch\/#organization","name":"antibrumm.ch","url":"https:\/\/www.antibrumm.ch\/","logo":{"@type":"ImageObject","inLanguage":"fr-FR","@id":"https:\/\/www.antibrumm.ch\/#\/schema\/logo\/image\/","url":"https:\/\/www.antibrumm.ch\/wp-content\/uploads\/2026\/03\/20260101_Anti-Brumm-LOGO-CMYK.png","contentUrl":"https:\/\/www.antibrumm.ch\/wp-content\/uploads\/2026\/03\/20260101_Anti-Brumm-LOGO-CMYK.png","width":828,"height":545,"caption":"antibrumm.ch"},"image":{"@id":"https:\/\/www.antibrumm.ch\/#\/schema\/logo\/image\/"}}]}},"taxonomy_info":[],"featured_image_src_large":["https:\/\/www.antibrumm.ch\/wp-content\/uploads\/2023\/05\/kopflaeuse_mutter_kind_gespraech_content_desktop_mobil.png",880,280,false],"author_info":{"display_name":"SEOTARIAT","author_link":"https:\/\/www.antibrumm.ch\/fr\/author\/andreas\/"},"comment_info":0,"_links":{"self":[{"href":"https:\/\/www.antibrumm.ch\/fr\/wp-json\/wp\/v2\/pages\/10147","targetHints":{"allow":["GET"]}}],"collection":[{"href":"https:\/\/www.antibrumm.ch\/fr\/wp-json\/wp\/v2\/pages"}],"about":[{"href":"https:\/\/www.antibrumm.ch\/fr\/wp-json\/wp\/v2\/types\/page"}],"author":[{"embeddable":true,"href":"https:\/\/www.antibrumm.ch\/fr\/wp-json\/wp\/v2\/users\/9"}],"replies":[{"embeddable":true,"href":"https:\/\/www.antibrumm.ch\/fr\/wp-json\/wp\/v2\/comments?post=10147"}],"version-history":[{"count":26,"href":"https:\/\/www.antibrumm.ch\/fr\/wp-json\/wp\/v2\/pages\/10147\/revisions"}],"predecessor-version":[{"id":14956,"href":"https:\/\/www.antibrumm.ch\/fr\/wp-json\/wp\/v2\/pages\/10147\/revisions\/14956"}],"up":[{"embeddable":true,"href":"https:\/\/www.antibrumm.ch\/fr\/wp-json\/wp\/v2\/pages\/5373"}],"wp:featuredmedia":[{"embeddable":true,"href":"https:\/\/www.antibrumm.ch\/fr\/wp-json\/wp\/v2\/media\/9918"}],"wp:attachment":[{"href":"https:\/\/www.antibrumm.ch\/fr\/wp-json\/wp\/v2\/media?parent=10147"}],"curies":[{"name":"wp","href":"https:\/\/api.w.org\/{rel}","templated":true}]}}